{"id":73,"date":"2015-08-18T16:05:57","date_gmt":"2015-08-18T15:05:57","guid":{"rendered":"http:\/\/www.esprit-entente.ch\/?page_id=73"},"modified":"2023-06-28T15:54:59","modified_gmt":"2023-06-28T13:54:59","slug":"contact","status":"publish","type":"page","link":"https:\/\/www.esprit-entente.ch\/en\/contact\/","title":{"rendered":"Contact"},"content":{"rendered":"<p><\/p>\n<div class=\"col-sm-12\">\n<div class=\"col-sm-6\">\n<p><strong>Geneva<\/strong><br \/>\nRue des Alpes 15<br \/>\nCH &#8211; 1204 Geneva<a href=\"https:\/\/www.google.com\/maps\/place\/Rue+des+Alpes+15,+1201+Gen%C3%A8ve\/@46.2091459,6.1441251,17z\/data=!3m1!4b1!4m5!3m4!1s0x478c65265cfc4e33:0x6e34026ed74b235a!8m2!3d46.2091459!4d6.1463138\" target=\"_blank\" rel=\"noopener noreferrer\"><br \/>\n<strong> To find us ! <\/strong><\/a><\/p>\n<p><strong>Riviera<\/strong><strong><br \/>\n<\/strong><span style=\"line-height: 1.5;\">c\/o TheWorkHub<br \/>\nRue de l&#8217;Oyonne<br \/>\nCH &#8211; 1801 Vevey<br \/>\nEntr\u00e9e : Rue d&#8217;Entre-deux-Villes 12<br \/>\n1814 La Tour-de-Peilz<br \/>\n<\/span><strong><a href=\"https:\/\/www.google.ch\/maps\/place\/TheWorkHub+s%C3%A0rl\/@46.4569747,6.8510119,17z\/data=!3m1!4b1!4m6!3m5!1s0x478e9cd4e99872f3:0x8eb1b284657bd431!8m2!3d46.456971!4d6.8535922!16s%2Fg%2F11dzsz_35b?entry=ttu\" target=\"_blank\" rel=\"noopener noreferrer\">To find us !<\/a><\/strong><\/p>\n<p><strong><a href=\"mailto:info@esprit-entente.ch\">info@esprit-entente.ch<\/a><\/strong><br \/>\n<strong><a href=\"https:\/\/www.esprit-entente.ch\/presentation\/a-propos-de-nous\/viktoria-aversano\/\">Viktoria Aversano<\/a><\/strong> : + 41 (0)79 203 80 00<br \/>\n<strong><a href=\"https:\/\/www.esprit-entente.ch\/presentation\/a-propos-de-nous\/christophe-imhoos\/\">Christophe Imhoos<\/a><\/strong> : + 41 (0)79 200 22 52<\/p>\n<\/div>\n<div class=\"col-sm-6\"><div role=\"form\" class=\"wpcf7\" id=\"wpcf7-f182-o2\" lang=\"fr-FR\" dir=\"ltr\">\n<div class=\"screen-reader-response\"><p role=\"status\" aria-live=\"polite\" aria-atomic=\"true\"><\/p> <ul><\/ul><\/div>\n<form action=\"\/en\/wp-json\/wp\/v2\/pages\/73#wpcf7-f182-o2\" method=\"post\" class=\"wpcf7-form init\" novalidate=\"novalidate\" data-status=\"init\">\n<div style=\"display: none;\">\n<input type=\"hidden\" name=\"_wpcf7\" value=\"182\" \/>\n<input type=\"hidden\" name=\"_wpcf7_version\" value=\"5.4.2\" \/>\n<input type=\"hidden\" name=\"_wpcf7_locale\" value=\"fr_FR\" \/>\n<input type=\"hidden\" name=\"_wpcf7_unit_tag\" value=\"wpcf7-f182-o2\" \/>\n<input type=\"hidden\" name=\"_wpcf7_container_post\" value=\"0\" \/>\n<input type=\"hidden\" name=\"_wpcf7_posted_data_hash\" value=\"\" \/>\n<\/div>\n<div class=\"wpcf7-response-output\" aria-hidden=\"true\"><\/div><br \/>\n<table id=\"table-contact\">\n<tbody>\n<tr>\n<td class=\"\">\n        First name *\n    <\/td>\n<td class=\"data\"><span class=\"wpcf7-form-control-wrap your-prenom\"><input type=\"text\" name=\"your-prenom\" value=\"\" size=\"40\" class=\"wpcf7-form-control wpcf7-text wpcf7-validates-as-required\" aria-required=\"true\" aria-invalid=\"false\" \/><\/span><\/td>\n<\/tr>\n<tr>\n<td class=\"\">\n        Surname *\n    <\/td>\n<td class=\"data\"><span class=\"wpcf7-form-control-wrap your-name\"><input type=\"text\" name=\"your-name\" value=\"\" size=\"40\" class=\"wpcf7-form-control wpcf7-text wpcf7-validates-as-required\" aria-required=\"true\" aria-invalid=\"false\" \/><\/span><\/td>\n<\/tr>\n<tr>\n<td class=\"\">\n        Email *\n    <\/td>\n<td class=\"data\"><span class=\"wpcf7-form-control-wrap your-email\"><input type=\"email\" name=\"your-email\" value=\"\" size=\"40\" class=\"wpcf7-form-control wpcf7-text wpcf7-email wpcf7-validates-as-required wpcf7-validates-as-email\" aria-required=\"true\" aria-invalid=\"false\" \/><\/span><\/td>\n<\/tr>\n<tr>\n<td class=\"\">\n        Adress\n    <\/td>\n<td class=\"data\"><span class=\"wpcf7-form-control-wrap your-adress\"><input type=\"text\" name=\"your-adress\" value=\"\" size=\"40\" class=\"wpcf7-form-control wpcf7-text\" aria-invalid=\"false\" \/><\/span><\/td>\n<\/tr>\n<tr>\n<td class=\"\">\n        Phone\n    <\/td>\n<td class=\"data\"><span class=\"wpcf7-form-control-wrap your-phone\"><input type=\"text\" name=\"your-phone\" value=\"\" size=\"40\" class=\"wpcf7-form-control wpcf7-text\" aria-invalid=\"false\" \/><\/span><\/td>\n<\/tr>\n<tr>\n<td class=\"\">\n        Message *\n    <\/td>\n<td><span class=\"wpcf7-form-control-wrap your-message\"><textarea name=\"your-message\" cols=\"40\" rows=\"10\" class=\"wpcf7-form-control wpcf7-textarea\" aria-invalid=\"false\"><\/textarea><\/span><\/td>\n<\/tr>\n<tr>\n<td class=\"\">*obligatoires<\/td>\n<td><input type=\"submit\" value=\"Send\" class=\"wpcf7-form-control wpcf7-submit\" \/><\/td>\n<\/tr>\n<\/tbody>\n<\/table>\n<div class=\"inv-recaptcha-holder\"><\/div><\/form><\/div><\/div>\n<\/div>\n<p><\/p>","protected":false},"excerpt":{"rendered":"<p>Geneva Rue des Alpes 15 CH &#8211; 1204 Geneva To find us ! Riviera c\/o TheWorkHub Rue de l&#8217;Oyonne CH &#8211; 1801 Vevey Entr\u00e9e : Rue d&#8217;Entre-deux-Villes 12 1814 La Tour-de-Peilz To find us ! info@esprit-entente.ch Viktoria Aversano : + 41 (0)79 203 80 00 Christophe Imhoos : + 41 (0)79 200 22 52<\/p>\n","protected":false},"author":1,"featured_media":0,"parent":0,"menu_order":0,"comment_status":"closed","ping_status":"closed","template":"","meta":{"_mi_skip_tracking":false},"acf":[],"yoast_head":"<!-- This site is optimized with the Yoast SEO plugin v16.7 - https:\/\/yoast.com\/wordpress\/plugins\/seo\/ -->\n<meta name=\"description\" content=\"Esprit d&#039;entente regroupe des professionnels de la m\u00e9diation, du droit et du coaching. Nous proposons : Une assistance lors de diff\u00e9rends \u00e0 travers la m\u00e9diation et le droit collaboratif, un coaching de crise et divers services d\u00e9di\u00e9s \u00e0 la pr\u00e9vention et au contr\u00f4le des risques pour les entreprises\" \/>\n<meta name=\"robots\" content=\"index, follow, max-snippet:-1, max-image-preview:large, max-video-preview:-1\" \/>\n<link rel=\"canonical\" href=\"https:\/\/www.esprit-entente.ch\/contact\/\" \/>\n<meta property=\"og:locale\" content=\"en_US\" \/>\n<meta property=\"og:type\" content=\"article\" \/>\n<meta property=\"og:title\" content=\"Contact - Esprit d&#039;entente\" \/>\n<meta property=\"og:description\" content=\"Esprit d&#039;entente regroupe des professionnels de la m\u00e9diation, du droit et du coaching. Nous proposons : Une assistance lors de diff\u00e9rends \u00e0 travers la m\u00e9diation et le droit collaboratif, un coaching de crise et divers services d\u00e9di\u00e9s \u00e0 la pr\u00e9vention et au contr\u00f4le des risques pour les entreprises\" \/>\n<meta property=\"og:url\" content=\"https:\/\/www.esprit-entente.ch\/contact\/\" \/>\n<meta property=\"og:site_name\" content=\"Esprit d&#039;entente\" \/>\n<meta property=\"article:publisher\" content=\"https:\/\/www.facebook.com\/espritentente\/\" \/>\n<meta property=\"article:modified_time\" content=\"2023-06-28T13:54:59+00:00\" \/>\n<meta name=\"twitter:card\" content=\"summary\" \/>\n<meta name=\"twitter:label1\" content=\"Est. reading time\" \/>\n\t<meta name=\"twitter:data1\" content=\"1 minute\" \/>\n<script type=\"application\/ld+json\" class=\"yoast-schema-graph\">{\"@context\":\"https:\/\/schema.org\",\"@graph\":[{\"@type\":\"Organization\",\"@id\":\"https:\/\/www.esprit-entente.ch\/#organization\",\"name\":\"Esprit d'entente\",\"url\":\"https:\/\/www.esprit-entente.ch\/\",\"sameAs\":[\"https:\/\/www.facebook.com\/espritentente\/\",\"https:\/\/www.linkedin.com\/company\/esprit-d'entente\",\"https:\/\/www.youtube.com\/channel\/UCYekS7XoRXEWh1KcfZzYuzQ\"],\"logo\":{\"@type\":\"ImageObject\",\"@id\":\"https:\/\/www.esprit-entente.ch\/#logo\",\"inLanguage\":\"en-US\",\"url\":\"https:\/\/www.esprit-entente.ch\/wp-content\/uploads\/2016\/03\/12512576_1170320319659670_1084035720156766177_n.png\",\"contentUrl\":\"https:\/\/www.esprit-entente.ch\/wp-content\/uploads\/2016\/03\/12512576_1170320319659670_1084035720156766177_n.png\",\"width\":180,\"height\":180,\"caption\":\"Esprit d'entente\"},\"image\":{\"@id\":\"https:\/\/www.esprit-entente.ch\/#logo\"}},{\"@type\":\"WebSite\",\"@id\":\"https:\/\/www.esprit-entente.ch\/#website\",\"url\":\"https:\/\/www.esprit-entente.ch\/\",\"name\":\"Esprit d&#039;entente\",\"description\":\"Manage conflicts differently!\",\"publisher\":{\"@id\":\"https:\/\/www.esprit-entente.ch\/#organization\"},\"potentialAction\":[{\"@type\":\"SearchAction\",\"target\":{\"@type\":\"EntryPoint\",\"urlTemplate\":\"https:\/\/www.esprit-entente.ch\/?s={search_term_string}\"},\"query-input\":\"required name=search_term_string\"}],\"inLanguage\":\"en-US\"},{\"@type\":\"WebPage\",\"@id\":\"https:\/\/www.esprit-entente.ch\/contact\/#webpage\",\"url\":\"https:\/\/www.esprit-entente.ch\/contact\/\",\"name\":\"Contact - Esprit d&#039;entente\",\"isPartOf\":{\"@id\":\"https:\/\/www.esprit-entente.ch\/#website\"},\"datePublished\":\"2015-08-18T15:05:57+00:00\",\"dateModified\":\"2023-06-28T13:54:59+00:00\",\"description\":\"Esprit d'entente regroupe des professionnels de la m\\u00e9diation, du droit et du coaching. Nous proposons : Une assistance lors de diff\\u00e9rends \\u00e0 travers la m\\u00e9diation et le droit collaboratif, un coaching de crise et divers services d\\u00e9di\\u00e9s \\u00e0 la pr\\u00e9vention et au contr\\u00f4le des risques pour les entreprises\",\"breadcrumb\":{\"@id\":\"https:\/\/www.esprit-entente.ch\/contact\/#breadcrumb\"},\"inLanguage\":\"en-US\",\"potentialAction\":[{\"@type\":\"ReadAction\",\"target\":[\"https:\/\/www.esprit-entente.ch\/contact\/\"]}]},{\"@type\":\"BreadcrumbList\",\"@id\":\"https:\/\/www.esprit-entente.ch\/contact\/#breadcrumb\",\"itemListElement\":[{\"@type\":\"ListItem\",\"position\":1,\"name\":\"Accueil\",\"item\":\"https:\/\/www.esprit-entente.ch\/\"},{\"@type\":\"ListItem\",\"position\":2,\"name\":\"Contact\"}]}]}<\/script>\n<!-- \/ Yoast SEO plugin. -->","yoast_head_json":{"description":"Esprit d'entente regroupe des professionnels de la m\u00e9diation, du droit et du coaching. Nous proposons : Une assistance lors de diff\u00e9rends \u00e0 travers la m\u00e9diation et le droit collaboratif, un coaching de crise et divers services d\u00e9di\u00e9s \u00e0 la pr\u00e9vention et au contr\u00f4le des risques pour les entreprises","robots":{"index":"index","follow":"follow","max-snippet":"max-snippet:-1","max-image-preview":"max-image-preview:large","max-video-preview":"max-video-preview:-1"},"canonical":"https:\/\/www.esprit-entente.ch\/contact\/","og_locale":"en_US","og_type":"article","og_title":"Contact - Esprit d&#039;entente","og_description":"Esprit d'entente regroupe des professionnels de la m\u00e9diation, du droit et du coaching. Nous proposons : Une assistance lors de diff\u00e9rends \u00e0 travers la m\u00e9diation et le droit collaboratif, un coaching de crise et divers services d\u00e9di\u00e9s \u00e0 la pr\u00e9vention et au contr\u00f4le des risques pour les entreprises","og_url":"https:\/\/www.esprit-entente.ch\/contact\/","og_site_name":"Esprit d&#039;entente","article_publisher":"https:\/\/www.facebook.com\/espritentente\/","article_modified_time":"2023-06-28T13:54:59+00:00","twitter_card":"summary","twitter_misc":{"Est. reading time":"1 minute"},"schema":{"@context":"https:\/\/schema.org","@graph":[{"@type":"Organization","@id":"https:\/\/www.esprit-entente.ch\/#organization","name":"Esprit d'entente","url":"https:\/\/www.esprit-entente.ch\/","sameAs":["https:\/\/www.facebook.com\/espritentente\/","https:\/\/www.linkedin.com\/company\/esprit-d'entente","https:\/\/www.youtube.com\/channel\/UCYekS7XoRXEWh1KcfZzYuzQ"],"logo":{"@type":"ImageObject","@id":"https:\/\/www.esprit-entente.ch\/#logo","inLanguage":"en-US","url":"https:\/\/www.esprit-entente.ch\/wp-content\/uploads\/2016\/03\/12512576_1170320319659670_1084035720156766177_n.png","contentUrl":"https:\/\/www.esprit-entente.ch\/wp-content\/uploads\/2016\/03\/12512576_1170320319659670_1084035720156766177_n.png","width":180,"height":180,"caption":"Esprit d'entente"},"image":{"@id":"https:\/\/www.esprit-entente.ch\/#logo"}},{"@type":"WebSite","@id":"https:\/\/www.esprit-entente.ch\/#website","url":"https:\/\/www.esprit-entente.ch\/","name":"Esprit d&#039;entente","description":"Manage conflicts differently!","publisher":{"@id":"https:\/\/www.esprit-entente.ch\/#organization"},"potentialAction":[{"@type":"SearchAction","target":{"@type":"EntryPoint","urlTemplate":"https:\/\/www.esprit-entente.ch\/?s={search_term_string}"},"query-input":"required name=search_term_string"}],"inLanguage":"en-US"},{"@type":"WebPage","@id":"https:\/\/www.esprit-entente.ch\/contact\/#webpage","url":"https:\/\/www.esprit-entente.ch\/contact\/","name":"Contact - Esprit d&#039;entente","isPartOf":{"@id":"https:\/\/www.esprit-entente.ch\/#website"},"datePublished":"2015-08-18T15:05:57+00:00","dateModified":"2023-06-28T13:54:59+00:00","description":"Esprit d'entente regroupe des professionnels de la m\u00e9diation, du droit et du coaching. Nous proposons : Une assistance lors de diff\u00e9rends \u00e0 travers la m\u00e9diation et le droit collaboratif, un coaching de crise et divers services d\u00e9di\u00e9s \u00e0 la pr\u00e9vention et au contr\u00f4le des risques pour les entreprises","breadcrumb":{"@id":"https:\/\/www.esprit-entente.ch\/contact\/#breadcrumb"},"inLanguage":"en-US","potentialAction":[{"@type":"ReadAction","target":["https:\/\/www.esprit-entente.ch\/contact\/"]}]},{"@type":"BreadcrumbList","@id":"https:\/\/www.esprit-entente.ch\/contact\/#breadcrumb","itemListElement":[{"@type":"ListItem","position":1,"name":"Accueil","item":"https:\/\/www.esprit-entente.ch\/"},{"@type":"ListItem","position":2,"name":"Contact"}]}]}},"_links":{"self":[{"href":"https:\/\/www.esprit-entente.ch\/en\/wp-json\/wp\/v2\/pages\/73"}],"collection":[{"href":"https:\/\/www.esprit-entente.ch\/en\/wp-json\/wp\/v2\/pages"}],"about":[{"href":"https:\/\/www.esprit-entente.ch\/en\/wp-json\/wp\/v2\/types\/page"}],"author":[{"embeddable":true,"href":"https:\/\/www.esprit-entente.ch\/en\/wp-json\/wp\/v2\/users\/1"}],"replies":[{"embeddable":true,"href":"https:\/\/www.esprit-entente.ch\/en\/wp-json\/wp\/v2\/comments?post=73"}],"version-history":[{"count":57,"href":"https:\/\/www.esprit-entente.ch\/en\/wp-json\/wp\/v2\/pages\/73\/revisions"}],"predecessor-version":[{"id":1242,"href":"https:\/\/www.esprit-entente.ch\/en\/wp-json\/wp\/v2\/pages\/73\/revisions\/1242"}],"wp:attachment":[{"href":"https:\/\/www.esprit-entente.ch\/en\/wp-json\/wp\/v2\/media?parent=73"}],"curies":[{"name":"wp","href":"https:\/\/api.w.org\/{rel}","templated":true}]}}